{"id":282,"date":"2025-06-09T09:35:43","date_gmt":"2025-06-09T07:35:43","guid":{"rendered":"https:\/\/salmen.kreativo-media.de\/?page_id=282"},"modified":"2025-07-01T17:03:21","modified_gmt":"2025-07-01T15:03:21","slug":"freizeitaktivitaeten","status":"publish","type":"page","link":"https:\/\/hotelsalmen.de\/fr\/freizeitaktivitaeten\/","title":{"rendered":"Activit\u00e9s de loisirs"},"content":{"rendered":"<div data-elementor-type=\"wp-page\" data-elementor-id=\"282\" class=\"elementor elementor-282\" data-elementor-post-type=\"page\">\n\t\t\t\t<div class=\"elementor-element elementor-element-72e1d7e e-flex e-con-boxed e-con e-parent\" data-id=\"72e1d7e\" data-element_type=\"container\" data-e-type=\"container\">\n\t\t\t\t\t<div class=\"e-con-inner\">\n\t\t\t\t<div class=\"elementor-element elementor-element-1d6edc3 elementor-widget elementor-widget-heading\" data-id=\"1d6edc3\" data-element_type=\"widget\" data-e-type=\"widget\" data-widget_type=\"heading.default\">\n\t\t\t\t\t<h2 class=\"elementor-heading-title elementor-size-default\">Au c\u0153ur de la For\u00eat-Noire. Proche de l'exp\u00e9rience.<\/h2>\t\t\t\t<\/div>\n\t\t\t\t<div class=\"elementor-element elementor-element-5468993 elementor-widget elementor-widget-text-editor\" data-id=\"5468993\" data-element_type=\"widget\" data-e-type=\"widget\" data-widget_type=\"text-editor.default\">\n\t\t\t\t\t\t\t\t\t<p data-start=\"111\" data-end=\"180\">Les plaisirs de la nature, l'exercice physique et la d\u00e9tente - tout cela juste devant la porte.<\/p>\t\t\t\t\t\t\t\t<\/div>\n\t\t\t\t\t<\/div>\n\t\t\t\t<\/div>\n\t\t<div class=\"elementor-element elementor-element-822b4bb e-flex e-con-boxed e-con e-parent\" data-id=\"822b4bb\" data-element_type=\"container\" data-e-type=\"container\">\n\t\t\t\t\t<div class=\"e-con-inner\">\n\t\t<div class=\"elementor-element elementor-element-c57c55b e-con-full e-flex e-con e-child\" data-id=\"c57c55b\" data-element_type=\"container\" data-e-type=\"container\" data-settings=\"{&quot;background_background&quot;:&quot;classic&quot;}\">\n\t\t<div class=\"elementor-element elementor-element-5ee2787 e-con-full e-flex e-con e-child\" data-id=\"5ee2787\" data-element_type=\"container\" data-e-type=\"container\" data-settings=\"{&quot;background_background&quot;:&quot;classic&quot;,&quot;background_motion_fx_motion_fx_scrolling&quot;:&quot;yes&quot;,&quot;background_motion_fx_devices&quot;:[&quot;desktop&quot;,&quot;tablet&quot;,&quot;mobile&quot;]}\">\n\t\t\t\t<div class=\"elementor-element elementor-element-48034cb elementor-widget elementor-widget-text-editor\" data-id=\"48034cb\" data-element_type=\"widget\" data-e-type=\"widget\" data-widget_type=\"text-editor.default\">\n\t\t\t\t\t\t\t\t\t<p>Qu'il s'agisse de randonn\u00e9es \u00e0 travers les vignobles ensoleill\u00e9s, de balades \u00e0 v\u00e9lo le long de vall\u00e9es pittoresques ou d'une excursion spontan\u00e9e dans de charmantes petites villes \u00e0 colombages, le Landhotel Salmen \u00e0 Ringelbach est le point de d\u00e9part id\u00e9al pour vivre des exp\u00e9riences inoubliables.<\/p><p>Gr\u00e2ce \u00e0 sa situation de r\u00eave entre vignes, for\u00eats et montagnes, vous pouvez acc\u00e9der \u00e0 de nombreuses activit\u00e9s de loisirs directement depuis la porte de l'h\u00f4tel - sans faire de d\u00e9tours.<\/p><p>D\u00e9couvrez la beaut\u00e9 de la For\u00eat-Noire de mani\u00e8re active ou d\u00e9contract\u00e9e, \u00e0 votre rythme.<\/p>\t\t\t\t\t\t\t\t<\/div>\n\t\t\t\t<div class=\"elementor-element elementor-element-fae20ca elementor-widget elementor-widget-text-editor\" data-id=\"fae20ca\" data-element_type=\"widget\" data-e-type=\"widget\" data-widget_type=\"text-editor.default\">\n\t\t\t\t\t\t\t\t\t<p>Pour les amoureux de la nature, les\u00a0<b>Chutes d'eau de Toussaint<\/b>, nombreux<b>\u00a0Ch\u00e2teaux, tours d'observation et ruines<\/b>\u00a0des lieux enchanteurs \u00e0 explorer et \u00e0 parcourir.<\/p><p>Pour les \u00e9picuriens et les connaisseurs, nous proposons des d\u00e9gustations de vin et des visites de distilleries \u00e0 proximit\u00e9 imm\u00e9diate de notre Landhotel Salmen.<\/p>\t\t\t\t\t\t\t\t<\/div>\n\t\t\t\t<\/div>\n\t\t\t\t<\/div>\n\t\t<div class=\"elementor-element elementor-element-dd603ba e-con-full e-flex e-con e-child\" data-id=\"dd603ba\" data-element_type=\"container\" data-e-type=\"container\">\n\t\t\t\t<div class=\"elementor-element elementor-element-ef8c744 elementor-widget elementor-widget-shortcode\" data-id=\"ef8c744\" data-element_type=\"widget\" data-e-type=\"widget\" data-widget_type=\"shortcode.default\">\n\t\t\t\t\t\t\t<div class=\"elementor-shortcode\">\t\t<div data-elementor-type=\"section\" data-elementor-id=\"141\" class=\"elementor elementor-141\" data-elementor-post-type=\"elementor_library\">\n\t\t\t<div class=\"elementor-element elementor-element-9719e8a e-flex e-con-boxed e-con e-parent\" data-id=\"9719e8a\" data-element_type=\"container\" data-e-type=\"container\">\n\t\t\t\t\t<div class=\"e-con-inner\">\n\t\t\t\t<div class=\"elementor-element elementor-element-60a302c elementor-widget elementor-widget-heading\" data-id=\"60a302c\" data-element_type=\"widget\" data-e-type=\"widget\" data-widget_type=\"heading.default\">\n\t\t\t\t\t<h3 class=\"elementor-heading-title elementor-size-default\">R\u00e9servation &amp; contact<\/h3>\t\t\t\t<\/div>\n\t\t\t\t<div class=\"elementor-element elementor-element-541cd85 elementor-widget elementor-widget-text-editor\" data-id=\"541cd85\" data-element_type=\"widget\" data-e-type=\"widget\" data-widget_type=\"text-editor.default\">\n\t\t\t\t\t\t\t\t\t<p><b>H\u00f4tel de campagne Salmen<\/b>\u00a0<br \/>Famille Joachim Meier<br \/>Rue du Vin 10<br \/>77704 Oberkirch-Ringelbach<\/p>\t\t\t\t\t\t\t\t<\/div>\n\t\t\t\t<div class=\"elementor-element elementor-element-8ae0b02 elementor-icon-list--layout-traditional elementor-list-item-link-full_width elementor-widget elementor-widget-icon-list\" data-id=\"8ae0b02\" data-element_type=\"widget\" data-e-type=\"widget\" data-widget_type=\"icon-list.default\">\n\t\t\t\t\t\t\t<ul class=\"elementor-icon-list-items\">\n\t\t\t\t\t\t\t<li class=\"elementor-icon-list-item\">\n\t\t\t\t\t\t\t\t\t\t\t<a href=\"tel:004978024429\">\n\n\t\t\t\t\t\t\t\t\t\t\t\t<span class=\"elementor-icon-list-icon\">\n\t\t\t\t\t\t\t<i aria-hidden=\"true\" class=\"icon icon-phone\"><\/i>\t\t\t\t\t\t<\/span>\n\t\t\t\t\t\t\t\t\t\t<span class=\"elementor-icon-list-text\"> +49 7802 4429<\/span>\n\t\t\t\t\t\t\t\t\t\t\t<\/a>\n\t\t\t\t\t\t\t\t\t<\/li>\n\t\t\t\t\t\t\t\t<li class=\"elementor-icon-list-item\">\n\t\t\t\t\t\t\t\t\t\t\t<a href=\"mailto:info@hotelsalmen.de\">\n\n\t\t\t\t\t\t\t\t\t\t\t\t<span class=\"elementor-icon-list-icon\">\n\t\t\t\t\t\t\t<i aria-hidden=\"true\" class=\"icon icon-email\"><\/i>\t\t\t\t\t\t<\/span>\n\t\t\t\t\t\t\t\t\t\t<span class=\"elementor-icon-list-text\">info@hotelsalmen.de<\/span>\n\t\t\t\t\t\t\t\t\t\t\t<\/a>\n\t\t\t\t\t\t\t\t\t<\/li>\n\t\t\t\t\t\t\t\t<li class=\"elementor-icon-list-item\">\n\t\t\t\t\t\t\t\t\t\t\t<a href=\"https:\/\/www.google.de\/maps\/dir\/\/Landhotel+Salmen,+Weinstra%C3%9Fe+10,+77704+Oberkirch\/@48.5569463,8.0846567,17z\/data=!4m9!4m8!1m0!1m5!1m1!1s0x4796d7cd3e72a769:0x6cf13c86c535b0fe!2m2!1d8.087237!2d48.5569428!3e0\" target=\"_blank\">\n\n\t\t\t\t\t\t\t\t\t\t\t\t<span class=\"elementor-icon-list-icon\">\n\t\t\t\t\t\t\t<i aria-hidden=\"true\" class=\"icon icon-pointer\"><\/i>\t\t\t\t\t\t<\/span>\n\t\t\t\t\t\t\t\t\t\t<span class=\"elementor-icon-list-text\">Planificateur d'itin\u00e9raire<\/span>\n\t\t\t\t\t\t\t\t\t\t\t<\/a>\n\t\t\t\t\t\t\t\t\t<\/li>\n\t\t\t\t\t\t<\/ul>\n\t\t\t\t\t\t<\/div>\n\t\t\t\t\t<\/div>\n\t\t\t\t<\/div>\n\t\t\t\t<\/div>\n\t\t<\/div>\n\t\t\t\t\t\t<\/div>\n\t\t\t\t<\/div>\n\t\t\t\t\t<\/div>\n\t\t\t\t<\/div>\n\t\t<div class=\"elementor-element elementor-element-8561d84 e-flex e-con-boxed e-con e-parent\" data-id=\"8561d84\" data-element_type=\"container\" data-e-type=\"container\">\n\t\t\t\t\t<div class=\"e-con-inner\">\n\t\t\t\t<div class=\"elementor-element elementor-element-5bdd4fe elementor-widget elementor-widget-heading\" data-id=\"5bdd4fe\" data-element_type=\"widget\" data-e-type=\"widget\" data-widget_type=\"heading.default\">\n\t\t\t\t\t<h2 class=\"elementor-heading-title elementor-size-default\">Nos conseils pour un s\u00e9jour vari\u00e9<\/h2>\t\t\t\t<\/div>\n\t\t\t\t\t<\/div>\n\t\t\t\t<\/div>\n\t\t<div class=\"elementor-element elementor-element-432b1bb e-flex e-con-boxed e-con e-parent\" data-id=\"432b1bb\" data-element_type=\"container\" data-e-type=\"container\">\n\t\t\t\t\t<div class=\"e-con-inner\">\n\t\t<div class=\"elementor-element elementor-element-5ff2cf7 e-con-full e-flex e-con e-child\" data-id=\"5ff2cf7\" data-element_type=\"container\" data-e-type=\"container\" data-settings=\"{&quot;background_background&quot;:&quot;classic&quot;}\">\n\t\t\t\t<div class=\"elementor-element elementor-element-b206cf5 elementor-widget elementor-widget-heading\" data-id=\"b206cf5\" data-element_type=\"widget\" data-e-type=\"widget\" data-widget_type=\"heading.default\">\n\t\t\t\t\t<h4 class=\"elementor-heading-title elementor-size-default\">L'Alsace fran\u00e7aise<\/h4>\t\t\t\t<\/div>\n\t\t\t\t<div class=\"elementor-element elementor-element-5dabc5b elementor-widget elementor-widget-image\" data-id=\"5dabc5b\" data-element_type=\"widget\" data-e-type=\"widget\" data-widget_type=\"image.default\">\n\t\t\t\t\t\t\t\t\t\t\t\t\t\t\t<img fetchpriority=\"high\" decoding=\"async\" width=\"600\" height=\"353\" src=\"https:\/\/hotelsalmen.de\/wp-content\/uploads\/2025\/06\/elsass_shutterstock_2315351481_xbrchx.jpg\" class=\"attachment-large size-large wp-image-288\" alt=\"Colmar im Elsass\" srcset=\"https:\/\/hotelsalmen.de\/wp-content\/uploads\/2025\/06\/elsass_shutterstock_2315351481_xbrchx.jpg 600w, https:\/\/hotelsalmen.de\/wp-content\/uploads\/2025\/06\/elsass_shutterstock_2315351481_xbrchx-300x177.jpg 300w\" sizes=\"(max-width: 600px) 100vw, 600px\" \/>\t\t\t\t\t\t\t\t\t\t\t\t\t\t\t<\/div>\n\t\t\t\t<div class=\"elementor-element elementor-element-60a2791 elementor-widget elementor-widget-text-editor\" data-id=\"60a2791\" data-element_type=\"widget\" data-e-type=\"widget\" data-widget_type=\"text-editor.default\">\n\t\t\t\t\t\t\t\t\t<p>Visitez la<b>\u00a0Strasbourg, m\u00e9tropole europ\u00e9enne<\/b>\u00a0ou le\u00a0<b>petit bijou alsacien, Colmar.<\/b><br \/>De m\u00eame, les\u00a0<b>Baden-Baden, ville thermale<\/b>,\u00a0<b>Freudenstadt\u00a0<\/b>et\u00a0<b>Fribourg\u00a0<\/b>sont des lieux vibrants de vitalit\u00e9.<\/p>\t\t\t\t\t\t\t\t<\/div>\n\t\t\t\t<\/div>\n\t\t<div class=\"elementor-element elementor-element-679d44d e-con-full e-flex e-con e-child\" data-id=\"679d44d\" data-element_type=\"container\" data-e-type=\"container\" data-settings=\"{&quot;background_background&quot;:&quot;classic&quot;}\">\n\t\t\t\t<div class=\"elementor-element elementor-element-17b0b23 elementor-widget elementor-widget-heading\" data-id=\"17b0b23\" data-element_type=\"widget\" data-e-type=\"widget\" data-widget_type=\"heading.default\">\n\t\t\t\t\t<h4 class=\"elementor-heading-title elementor-size-default\">Europa-Park et la For\u00eat-Noire<\/h4>\t\t\t\t<\/div>\n\t\t\t\t<div class=\"elementor-element elementor-element-2e507e9 elementor-widget elementor-widget-image\" data-id=\"2e507e9\" data-element_type=\"widget\" data-e-type=\"widget\" data-widget_type=\"image.default\">\n\t\t\t\t\t\t\t\t\t\t\t\t\t\t\t<img decoding=\"async\" width=\"600\" height=\"353\" src=\"https:\/\/hotelsalmen.de\/wp-content\/uploads\/2025\/06\/europa-park.jpg\" class=\"attachment-large size-large wp-image-287\" alt=\"\" srcset=\"https:\/\/hotelsalmen.de\/wp-content\/uploads\/2025\/06\/europa-park.jpg 600w, https:\/\/hotelsalmen.de\/wp-content\/uploads\/2025\/06\/europa-park-300x177.jpg 300w\" sizes=\"(max-width: 600px) 100vw, 600px\" \/>\t\t\t\t\t\t\t\t\t\t\t\t\t\t\t<\/div>\n\t\t\t\t<div class=\"elementor-element elementor-element-d06aef4 elementor-widget elementor-widget-text-editor\" data-id=\"d06aef4\" data-element_type=\"widget\" data-e-type=\"widget\" data-widget_type=\"text-editor.default\">\n\t\t\t\t\t\t\t\t\t<p>Notre situation centrale - dans les\u00a0<b>contreforts de la For\u00eat-Noire<\/b>\u00a0- offre une multitude de destinations diff\u00e9rentes.<br \/><br \/>En peu de temps, vous atteindrez le plus grand parc de loisirs d'Allemagne, le\u00a0<b>Europa-Park \u00e0 Rust<\/b>.<\/p>\t\t\t\t\t\t\t\t<\/div>\n\t\t\t\t<\/div>\n\t\t<div class=\"elementor-element elementor-element-5e44d85 e-con-full e-flex e-con e-child\" data-id=\"5e44d85\" data-element_type=\"container\" data-e-type=\"container\" data-settings=\"{&quot;background_background&quot;:&quot;classic&quot;}\">\n\t\t\t\t<div class=\"elementor-element elementor-element-df954a4 elementor-widget elementor-widget-heading\" data-id=\"df954a4\" data-element_type=\"widget\" data-e-type=\"widget\" data-widget_type=\"heading.default\">\n\t\t\t\t\t<h4 class=\"elementor-heading-title elementor-size-default\">VTT &amp; Co.<\/h4>\t\t\t\t<\/div>\n\t\t\t\t<div class=\"elementor-element elementor-element-16e254d elementor-widget elementor-widget-image\" data-id=\"16e254d\" data-element_type=\"widget\" data-e-type=\"widget\" data-widget_type=\"image.default\">\n\t\t\t\t\t\t\t\t\t\t\t\t\t\t\t<img decoding=\"async\" width=\"600\" height=\"353\" src=\"https:\/\/hotelsalmen.de\/wp-content\/uploads\/2025\/06\/shutterstock_Maciej-Kopaniecki_mountainbiking2.jpg\" class=\"attachment-large size-large wp-image-292\" alt=\"Mountainbiking im Renchtal\" srcset=\"https:\/\/hotelsalmen.de\/wp-content\/uploads\/2025\/06\/shutterstock_Maciej-Kopaniecki_mountainbiking2.jpg 600w, https:\/\/hotelsalmen.de\/wp-content\/uploads\/2025\/06\/shutterstock_Maciej-Kopaniecki_mountainbiking2-300x177.jpg 300w\" sizes=\"(max-width: 600px) 100vw, 600px\" \/>\t\t\t\t\t\t\t\t\t\t\t\t\t\t\t<\/div>\n\t\t\t\t<div class=\"elementor-element elementor-element-4bd8e99 elementor-widget elementor-widget-text-editor\" data-id=\"4bd8e99\" data-element_type=\"widget\" data-e-type=\"widget\" data-widget_type=\"text-editor.default\">\n\t\t\t\t\t\t\t\t\t<p>Ce n'est pas sans raison que dans notre r\u00e9gion\u00a0<b>Course de coupe du monde de VTT<\/b>\u00a0a \u00e9t\u00e9 r\u00e9alis\u00e9e. Une\u00a0<b>carte d\u00e9taill\u00e9e<\/b> avec des recommandations d'itin\u00e9raires est \u00e0 votre disposition \u00e0 la r\u00e9ception.<\/p>\t\t\t\t\t\t\t\t<\/div>\n\t\t\t\t<\/div>\n\t\t\t\t\t<\/div>\n\t\t\t\t<\/div>\n\t\t<div class=\"elementor-element elementor-element-3cb5fdd e-flex e-con-boxed e-con e-parent\" data-id=\"3cb5fdd\" data-element_type=\"container\" data-e-type=\"container\">\n\t\t\t\t\t<div class=\"e-con-inner\">\n\t\t<div class=\"elementor-element elementor-element-7bf454d e-con-full e-flex e-con e-child\" data-id=\"7bf454d\" data-element_type=\"container\" data-e-type=\"container\" data-settings=\"{&quot;background_background&quot;:&quot;classic&quot;}\">\n\t\t\t\t<div class=\"elementor-element elementor-element-e95a4d3 elementor-widget elementor-widget-heading\" data-id=\"e95a4d3\" data-element_type=\"widget\" data-e-type=\"widget\" data-widget_type=\"heading.default\">\n\t\t\t\t\t<h4 class=\"elementor-heading-title elementor-size-default\">Randonn\u00e9e<\/h4>\t\t\t\t<\/div>\n\t\t\t\t<div class=\"elementor-element elementor-element-a4b31e6 elementor-widget elementor-widget-image\" data-id=\"a4b31e6\" data-element_type=\"widget\" data-e-type=\"widget\" data-widget_type=\"image.default\">\n\t\t\t\t\t\t\t\t\t\t\t\t\t\t\t<img loading=\"lazy\" decoding=\"async\" width=\"600\" height=\"353\" src=\"https:\/\/hotelsalmen.de\/wp-content\/uploads\/2025\/06\/wandern_shutterstock_2051441066_ORION-PRODUCTION.jpg\" class=\"attachment-large size-large wp-image-290\" alt=\"\" srcset=\"https:\/\/hotelsalmen.de\/wp-content\/uploads\/2025\/06\/wandern_shutterstock_2051441066_ORION-PRODUCTION.jpg 600w, https:\/\/hotelsalmen.de\/wp-content\/uploads\/2025\/06\/wandern_shutterstock_2051441066_ORION-PRODUCTION-300x177.jpg 300w\" sizes=\"(max-width: 600px) 100vw, 600px\" \/>\t\t\t\t\t\t\t\t\t\t\t\t\t\t\t<\/div>\n\t\t\t\t<div class=\"elementor-element elementor-element-79386f9 elementor-widget elementor-widget-text-editor\" data-id=\"79386f9\" data-element_type=\"widget\" data-e-type=\"widget\" data-widget_type=\"text-editor.default\">\n\t\t\t\t\t\t\t\t\t<p>La vall\u00e9e de la Rench est un<b>\u00a0v\u00e9ritable paradis pour les randonneurs<\/b>.<br \/><br \/>Vous partirez directement de l'h\u00f4tel pour un tour \u00e0 travers les vignobles, les for\u00eats et les hauteurs, toujours r\u00e9compens\u00e9 par des\u00a0<b>des vues magnifiques<\/b>\u00a0dans la vall\u00e9e du Rhin et sur les montagnes de la For\u00eat-Noire.<\/p>\t\t\t\t\t\t\t\t<\/div>\n\t\t\t\t<\/div>\n\t\t<div class=\"elementor-element elementor-element-e025c09 e-con-full e-flex e-con e-child\" data-id=\"e025c09\" data-element_type=\"container\" data-e-type=\"container\" data-settings=\"{&quot;background_background&quot;:&quot;classic&quot;}\">\n\t\t\t\t<div class=\"elementor-element elementor-element-057f1f3 elementor-widget elementor-widget-heading\" data-id=\"057f1f3\" data-element_type=\"widget\" data-e-type=\"widget\" data-widget_type=\"heading.default\">\n\t\t\t\t\t<h4 class=\"elementor-heading-title elementor-size-default\">Tours en moto<\/h4>\t\t\t\t<\/div>\n\t\t\t\t<div class=\"elementor-element elementor-element-0c7715d elementor-widget elementor-widget-image\" data-id=\"0c7715d\" data-element_type=\"widget\" data-e-type=\"widget\" data-widget_type=\"image.default\">\n\t\t\t\t\t\t\t\t\t\t\t\t\t\t\t<img loading=\"lazy\" decoding=\"async\" width=\"600\" height=\"353\" src=\"https:\/\/hotelsalmen.de\/wp-content\/uploads\/2025\/06\/shutterstock_2121831740_pautrolle.jpg\" class=\"attachment-large size-large wp-image-293\" alt=\"Motorradtouren im Schwarzwald erleben\" srcset=\"https:\/\/hotelsalmen.de\/wp-content\/uploads\/2025\/06\/shutterstock_2121831740_pautrolle.jpg 600w, https:\/\/hotelsalmen.de\/wp-content\/uploads\/2025\/06\/shutterstock_2121831740_pautrolle-300x177.jpg 300w\" sizes=\"(max-width: 600px) 100vw, 600px\" \/>\t\t\t\t\t\t\t\t\t\t\t\t\t\t\t<\/div>\n\t\t\t\t<div class=\"elementor-element elementor-element-fbd573e elementor-widget elementor-widget-text-editor\" data-id=\"fbd573e\" data-element_type=\"widget\" data-e-type=\"widget\" data-widget_type=\"text-editor.default\">\n\t\t\t\t\t\t\t\t\t<p>Les parcours le long de la <b>Haute route de la For\u00eat-Noire\u00a0<\/b>et les Vosges toutes proches\u00a0<b>font partie des meilleurs<\/b>C'est une exp\u00e9rience unique pour les cyclotouristes.<\/p><p>Nous mettons volontiers \u00e0 la disposition des motocyclistes des cartes, un s\u00e9choir et des places de stationnement.<\/p>\t\t\t\t\t\t\t\t<\/div>\n\t\t\t\t<\/div>\n\t\t<div class=\"elementor-element elementor-element-f852f14 e-con-full e-flex e-con e-child\" data-id=\"f852f14\" data-element_type=\"container\" data-e-type=\"container\" data-settings=\"{&quot;background_background&quot;:&quot;classic&quot;}\">\n\t\t\t\t<div class=\"elementor-element elementor-element-f336a2c elementor-widget elementor-widget-heading\" data-id=\"f336a2c\" data-element_type=\"widget\" data-e-type=\"widget\" data-widget_type=\"heading.default\">\n\t\t\t\t\t<h4 class=\"elementor-heading-title elementor-size-default\">Vin &amp; eau-de-vie<\/h4>\t\t\t\t<\/div>\n\t\t\t\t<div class=\"elementor-element elementor-element-92808f3 elementor-widget elementor-widget-image\" data-id=\"92808f3\" data-element_type=\"widget\" data-e-type=\"widget\" data-widget_type=\"image.default\">\n\t\t\t\t\t\t\t\t\t\t\t\t\t\t\t<img loading=\"lazy\" decoding=\"async\" width=\"600\" height=\"353\" src=\"https:\/\/hotelsalmen.de\/wp-content\/uploads\/2025\/06\/shutterstock_1309137403_Alexandru-Nika.webp\" class=\"attachment-large size-large wp-image-687\" alt=\"Wein &amp; Schnaps in Oberkirch\" srcset=\"https:\/\/hotelsalmen.de\/wp-content\/uploads\/2025\/06\/shutterstock_1309137403_Alexandru-Nika.webp 600w, https:\/\/hotelsalmen.de\/wp-content\/uploads\/2025\/06\/shutterstock_1309137403_Alexandru-Nika-300x177.webp 300w\" sizes=\"(max-width: 600px) 100vw, 600px\" \/>\t\t\t\t\t\t\t\t\t\t\t\t\t\t\t<\/div>\n\t\t\t\t<div class=\"elementor-element elementor-element-a3bd0d8 elementor-widget elementor-widget-text-editor\" data-id=\"a3bd0d8\" data-element_type=\"widget\" data-e-type=\"widget\" data-widget_type=\"text-editor.default\">\n\t\t\t\t\t\t\t\t\t<p>D\u00e9couvrez la vall\u00e9e du Renchtal et les villages viticoles environnants avec de magnifiques <strong>Vins et eaux-de-vie nobles<\/strong> \u00e0 partir de fruits locaux. Faites une d\u00e9gustation chez des viticulteurs d'Oberkirch ou chez la \"Hex von Dasenstein\" \u00e0 Kappelrodeck. Juste \u00e0 c\u00f4t\u00e9 de l'h\u00f4tel se trouve la maison m\u00e8re de la <strong>Distillerie de fruits nobles Fies<\/strong>.<\/p><p>Randonnez sur le \"<a href=\"https:\/\/www.schwarzwald-tourismus.info\/touren\/oberkircher-brennersteig-8319b412fa\" target=\"_blank\" rel=\"noopener\"><strong>Sentier du Brenner<\/strong><\/a>\"Nous vous invitons \u00e0 vous arr\u00eater dans des fontaines \u00e0 eau-de-vie.<\/p>\t\t\t\t\t\t\t\t<\/div>\n\t\t\t\t<\/div>\n\t\t\t\t\t<\/div>\n\t\t\t\t<\/div>\n\t\t<div class=\"elementor-element elementor-element-6dc1bb2 e-flex e-con-boxed e-con e-parent\" data-id=\"6dc1bb2\" data-element_type=\"container\" data-e-type=\"container\">\n\t\t\t\t\t<div class=\"e-con-inner\">\n\t\t<div class=\"elementor-element elementor-element-4480bd5 e-con-full e-flex e-con e-child\" data-id=\"4480bd5\" data-element_type=\"container\" data-e-type=\"container\" data-settings=\"{&quot;background_background&quot;:&quot;classic&quot;}\">\n\t\t\t\t<div class=\"elementor-element elementor-element-dcd54d9 elementor-widget elementor-widget-heading\" data-id=\"dcd54d9\" data-element_type=\"widget\" data-e-type=\"widget\" data-widget_type=\"heading.default\">\n\t\t\t\t\t<h4 class=\"elementor-heading-title elementor-size-default\">Golf<\/h4>\t\t\t\t<\/div>\n\t\t\t\t<div class=\"elementor-element elementor-element-c4d8d47 elementor-widget elementor-widget-image\" data-id=\"c4d8d47\" data-element_type=\"widget\" data-e-type=\"widget\" data-widget_type=\"image.default\">\n\t\t\t\t\t\t\t\t\t\t\t\t\t\t\t<img loading=\"lazy\" decoding=\"async\" width=\"800\" height=\"450\" src=\"https:\/\/hotelsalmen.de\/wp-content\/uploads\/2025\/06\/shutterstock_2600580117_Mr_Somchai-Sukkasem-1024x576.jpg\" class=\"attachment-large size-large wp-image-294\" alt=\"Golf spielen im Schwarzwald\" srcset=\"https:\/\/hotelsalmen.de\/wp-content\/uploads\/2025\/06\/shutterstock_2600580117_Mr_Somchai-Sukkasem-1024x576.jpg 1024w, https:\/\/hotelsalmen.de\/wp-content\/uploads\/2025\/06\/shutterstock_2600580117_Mr_Somchai-Sukkasem-300x169.jpg 300w, https:\/\/hotelsalmen.de\/wp-content\/uploads\/2025\/06\/shutterstock_2600580117_Mr_Somchai-Sukkasem-768x432.jpg 768w, https:\/\/hotelsalmen.de\/wp-content\/uploads\/2025\/06\/shutterstock_2600580117_Mr_Somchai-Sukkasem.jpg 1200w\" sizes=\"(max-width: 800px) 100vw, 800px\" \/>\t\t\t\t\t\t\t\t\t\t\t\t\t\t\t<\/div>\n\t\t\t\t<div class=\"elementor-element elementor-element-0a0b4dd elementor-widget elementor-widget-text-editor\" data-id=\"0a0b4dd\" data-element_type=\"widget\" data-e-type=\"widget\" data-widget_type=\"text-editor.default\">\n\t\t\t\t\t\t\t\t\t<p><b>En tant que client \"golfeur\", vous \u00eates \u00e0 la bonne adresse dans notre h\u00f4tel de campagne.<\/b>\u00a012 magnifiques terrains de golf se trouvent dans notre r\u00e9gion (jusqu'\u00e0 55 km maximum).<br \/>Nous sommes un 'h\u00f4tel partenaire' du club de golf d'Appenweier-Urloffen, \u00e0 seulement 12 minutes en voiture de notre h\u00f4tel de campagne. Ce charmant complexe dispose d'un parcours de championnat de 18 trous, d'un parcours public de 9 trous, d'un practice et d'un clubhouse.<br \/><br \/><b>Nos h\u00f4tes b\u00e9n\u00e9ficient de r\u00e9ductions sur le green fee en 20%.<\/b><\/p>\t\t\t\t\t\t\t\t<\/div>\n\t\t\t\t<\/div>\n\t\t<div class=\"elementor-element elementor-element-80a165b e-con-full e-flex e-con e-child\" data-id=\"80a165b\" data-element_type=\"container\" data-e-type=\"container\" data-settings=\"{&quot;background_background&quot;:&quot;classic&quot;}\">\n\t\t\t\t<div class=\"elementor-element elementor-element-f92d038 elementor-widget elementor-widget-heading\" data-id=\"f92d038\" data-element_type=\"widget\" data-e-type=\"widget\" data-widget_type=\"heading.default\">\n\t\t\t\t\t<h4 class=\"elementor-heading-title elementor-size-default\">Autres placements en or dans notre r\u00e9gion<\/h4>\t\t\t\t<\/div>\n\t\t\t\t<div class=\"elementor-element elementor-element-18add2c elementor-widget elementor-widget-shortcode\" data-id=\"18add2c\" data-element_type=\"widget\" data-e-type=\"widget\" data-widget_type=\"shortcode.default\">\n\t\t\t\t\t\t\t<div class=\"elementor-shortcode\">\n<table id=\"tablepress-1\" class=\"tablepress tablepress-id-1\">\n<thead>\n<tr class=\"row-1\">\n\t<th class=\"column-1\">O\u00f9<\/th><th class=\"column-2\">Distance<\/th><th class=\"column-3\">plus d'infos<\/th>\n<\/tr>\n<\/thead>\n<tbody class=\"row-striping row-hover\">\n<tr class=\"row-2\">\n\t<td class=\"column-1\">Appenweier Urloffen<\/td><td class=\"column-2\">11km, env.12min<\/td><td class=\"column-3\"><a href=\"https:\/\/www.gc-urloffen.de\/\" target=\"_blank\">vers le site web<\/a><\/td>\n<\/tr>\n<tr class=\"row-3\">\n\t<td class=\"column-1\">Rheinm\u00fcnster-S\u00f6llingen<\/td><td class=\"column-2\">env. 35km env.30min<\/td><td class=\"column-3\"><a href=\"https:\/\/www.baden-hills.de\/\" target=\"_blank\">vers le site web<\/a><\/td>\n<\/tr>\n<tr class=\"row-4\">\n\t<td class=\"column-1\">Baden-Baden<\/td><td class=\"column-2\">env. 35km env.30 min<\/td><td class=\"column-3\"><a href=\"https:\/\/golf-club-baden-baden.de\/\" target=\"_blank\">vers le site web<\/a><\/td>\n<\/tr>\n<tr class=\"row-5\">\n\t<td class=\"column-1\">Strasbourg Illkirch (FR)<\/td><td class=\"column-2\">env. 35km env.35 min<\/td><td class=\"column-3\"><a href=\"https:\/\/www.golf-strasbourg.com\/\" target=\"_blank\">vers le site web<\/a><\/td>\n<\/tr>\n<tr class=\"row-6\">\n\t<td class=\"column-1\">Freudenstadt<\/td><td class=\"column-2\">env. 38km env. 45min<\/td><td class=\"column-3\"><a href=\"https:\/\/www.gcfreudenstadt.de\/\" target=\"_blank\">vers le site web<\/a><\/td>\n<\/tr>\n<tr class=\"row-7\">\n\t<td class=\"column-1\">Lahr-Reichenbach<\/td><td class=\"column-2\">env. 38km env.35min<\/td><td class=\"column-3\"><a href=\"https:\/\/www.gc-ortenau.de\/\" target=\"_blank\">vers le site web<\/a><\/td>\n<\/tr>\n<tr class=\"row-8\">\n\t<td class=\"column-1\">Zell a. Harmersbach<\/td><td class=\"column-2\">env. 39km env. 40min<\/td><td class=\"column-3\"><a href=\"https:\/\/www.gc-ortenau.de\/\" target=\"_blank\">vers le site web<\/a><\/td>\n<\/tr>\n<tr class=\"row-9\">\n\t<td class=\"column-1\">La Watzenau (FR)<\/td><td class=\"column-2\">37km, environ 38min<\/td><td class=\"column-3\"><a href=\"https:\/\/golf-wantzenau.fr\/de\/\">vers le site web<\/a><\/td>\n<\/tr>\n<tr class=\"row-10\">\n\t<td class=\"column-1\">Strasbourg Plobsheim \"Le Kempferhof\" (FR)<\/td><td class=\"column-2\">39km, env.42min<\/td><td class=\"column-3\"><\/td>\n<\/tr>\n<tr class=\"row-11\">\n\t<td class=\"column-1\">Soufflenheim (FR)<\/td><td class=\"column-2\">42km, environ 45min<\/td><td class=\"column-3\"><a href=\"https:\/\/golfclub-soufflenheim.com\/\" target=\"_blank\">vers le site web<\/a><\/td>\n<\/tr>\n<tr class=\"row-12\">\n\t<td class=\"column-1\">Herbolzheim-Tutschfelden<\/td><td class=\"column-2\">env.55km env. 45min<\/td><td class=\"column-3\"><a href=\"https:\/\/www.gc-breisgau.de\/\" target=\"_blank\">vers le site web<\/a><\/td>\n<\/tr>\n<tr class=\"row-13\">\n\t<td class=\"column-1\">Alpirsbach<\/td><td class=\"column-2\">env. 55km env. 65min<\/td><td class=\"column-3\"><a href=\"https:\/\/gc-alpirsbach.de\/\" target=\"_blank\">vers le site web<\/a><\/td>\n<\/tr>\n<\/tbody>\n<\/table>\n<!-- #tablepress-1 from cache --><\/div>\n\t\t\t\t\t\t<\/div>\n\t\t\t\t<\/div>\n\t\t\t\t\t<\/div>\n\t\t\t\t<\/div>\n\t\t\t\t<\/div>","protected":false},"excerpt":{"rendered":"<p>Au c\u0153ur de la For\u00eat-Noire. Proche de l'exp\u00e9rience. Plaisir de la nature, mouvement et d\u00e9tente - tout est \u00e0 port\u00e9e de main. Qu'il s'agisse de randonn\u00e9es \u00e0 travers les vignobles ensoleill\u00e9s, de balades \u00e0 v\u00e9lo le long de vall\u00e9es pittoresques ou d'une excursion spontan\u00e9e dans de charmantes petites villes \u00e0 colombages, le Landhotel Salmen \u00e0 Ringelbach est le point de d\u00e9part id\u00e9al pour vivre des exp\u00e9riences inoubliables. Gr\u00e2ce \u00e0 sa situation de r\u00eave entre vignes, for\u00eats et montagnes, [...].<\/p>","protected":false},"author":1,"featured_media":0,"parent":0,"menu_order":0,"comment_status":"closed","ping_status":"closed","template":"","meta":{"_acf_changed":false,"footnotes":""},"class_list":["post-282","page","type-page","status-publish","hentry"],"acf":[],"yoast_head":"<!-- This site is optimized with the Yoast SEO plugin v27.5 - https:\/\/yoast.com\/product\/yoast-seo-wordpress\/ -->\n<title>Freizeitaktivit\u00e4ten - Landhotel Salmen<\/title>\n<meta name=\"robots\" content=\"index, follow, max-snippet:-1, max-image-preview:large, max-video-preview:-1\" \/>\n<link rel=\"canonical\" href=\"https:\/\/hotelsalmen.de\/fr\/freizeitaktivitaeten\/\" \/>\n<meta property=\"og:locale\" content=\"fr_FR\" \/>\n<meta property=\"og:type\" content=\"article\" \/>\n<meta property=\"og:title\" content=\"Freizeitaktivit\u00e4ten - Landhotel Salmen\" \/>\n<meta property=\"og:description\" content=\"Mitten im Schwarzwald. Nah am Erlebnis. Naturgenuss, Bewegung und Entspannung \u2013 alles direkt vor der T\u00fcr. Ob Wandern durch sonnige Weinberge, Radfahren entlang malerischer T\u00e4ler oder ein spontaner Ausflug in charmante Fachwerkst\u00e4dtchen \u2013 das Landhotel Salmen in Ringelbach ist der ideale Ausgangspunkt f\u00fcr unvergessliche Erlebnisse. Dank seiner traumhaften Lage zwischen Reben, Wald und Bergen erreichen [&hellip;]\" \/>\n<meta property=\"og:url\" content=\"https:\/\/hotelsalmen.de\/fr\/freizeitaktivitaeten\/\" \/>\n<meta property=\"og:site_name\" content=\"Landhotel Salmen\" \/>\n<meta property=\"article:modified_time\" content=\"2025-07-01T15:03:21+00:00\" \/>\n<meta property=\"og:image\" content=\"https:\/\/hotelsalmen.de\/wp-content\/uploads\/2025\/06\/elsass_shutterstock_2315351481_xbrchx.jpg\" \/>\n\t<meta property=\"og:image:width\" content=\"600\" \/>\n\t<meta property=\"og:image:height\" content=\"353\" \/>\n\t<meta property=\"og:image:type\" content=\"image\/jpeg\" \/>\n<meta name=\"twitter:card\" content=\"summary_large_image\" \/>\n<meta name=\"twitter:label1\" content=\"Dur\u00e9e de lecture estim\u00e9e\" \/>\n\t<meta name=\"twitter:data1\" content=\"3 minutes\" \/>\n<script type=\"application\/ld+json\" class=\"yoast-schema-graph\">{\"@context\":\"https:\\\/\\\/schema.org\",\"@graph\":[{\"@type\":\"WebPage\",\"@id\":\"https:\\\/\\\/hotelsalmen.de\\\/freizeitaktivitaeten\\\/\",\"url\":\"https:\\\/\\\/hotelsalmen.de\\\/freizeitaktivitaeten\\\/\",\"name\":\"Freizeitaktivit\u00e4ten - Landhotel Salmen\",\"isPartOf\":{\"@id\":\"https:\\\/\\\/hotelsalmen.de\\\/#website\"},\"primaryImageOfPage\":{\"@id\":\"https:\\\/\\\/hotelsalmen.de\\\/freizeitaktivitaeten\\\/#primaryimage\"},\"image\":{\"@id\":\"https:\\\/\\\/hotelsalmen.de\\\/freizeitaktivitaeten\\\/#primaryimage\"},\"thumbnailUrl\":\"https:\\\/\\\/hotelsalmen.de\\\/wp-content\\\/uploads\\\/2025\\\/06\\\/elsass_shutterstock_2315351481_xbrchx.jpg\",\"datePublished\":\"2025-06-09T07:35:43+00:00\",\"dateModified\":\"2025-07-01T15:03:21+00:00\",\"breadcrumb\":{\"@id\":\"https:\\\/\\\/hotelsalmen.de\\\/freizeitaktivitaeten\\\/#breadcrumb\"},\"inLanguage\":\"fr-FR\",\"potentialAction\":[{\"@type\":\"ReadAction\",\"target\":[\"https:\\\/\\\/hotelsalmen.de\\\/freizeitaktivitaeten\\\/\"]}]},{\"@type\":\"ImageObject\",\"inLanguage\":\"fr-FR\",\"@id\":\"https:\\\/\\\/hotelsalmen.de\\\/freizeitaktivitaeten\\\/#primaryimage\",\"url\":\"https:\\\/\\\/hotelsalmen.de\\\/wp-content\\\/uploads\\\/2025\\\/06\\\/elsass_shutterstock_2315351481_xbrchx.jpg\",\"contentUrl\":\"https:\\\/\\\/hotelsalmen.de\\\/wp-content\\\/uploads\\\/2025\\\/06\\\/elsass_shutterstock_2315351481_xbrchx.jpg\"},{\"@type\":\"BreadcrumbList\",\"@id\":\"https:\\\/\\\/hotelsalmen.de\\\/freizeitaktivitaeten\\\/#breadcrumb\",\"itemListElement\":[{\"@type\":\"ListItem\",\"position\":1,\"name\":\"Startseite\",\"item\":\"https:\\\/\\\/hotelsalmen.de\\\/\"},{\"@type\":\"ListItem\",\"position\":2,\"name\":\"Freizeitaktivit\u00e4ten\"}]},{\"@type\":\"WebSite\",\"@id\":\"https:\\\/\\\/hotelsalmen.de\\\/#website\",\"url\":\"https:\\\/\\\/hotelsalmen.de\\\/\",\"name\":\"Landhotel Salmen - Ihr Hotel an der badischen Weinstra\u00dfe\",\"description\":\"\",\"publisher\":{\"@id\":\"https:\\\/\\\/hotelsalmen.de\\\/#organization\"},\"potentialAction\":[{\"@type\":\"SearchAction\",\"target\":{\"@type\":\"EntryPoint\",\"urlTemplate\":\"https:\\\/\\\/hotelsalmen.de\\\/?s={search_term_string}\"},\"query-input\":{\"@type\":\"PropertyValueSpecification\",\"valueRequired\":true,\"valueName\":\"search_term_string\"}}],\"inLanguage\":\"fr-FR\"},{\"@type\":\"Organization\",\"@id\":\"https:\\\/\\\/hotelsalmen.de\\\/#organization\",\"name\":\"Landhotel Salmen\",\"url\":\"https:\\\/\\\/hotelsalmen.de\\\/\",\"logo\":{\"@type\":\"ImageObject\",\"inLanguage\":\"fr-FR\",\"@id\":\"https:\\\/\\\/hotelsalmen.de\\\/#\\\/schema\\\/logo\\\/image\\\/\",\"url\":\"https:\\\/\\\/hotelsalmen.de\\\/wp-content\\\/uploads\\\/2025\\\/03\\\/logo_retina.png\",\"contentUrl\":\"https:\\\/\\\/hotelsalmen.de\\\/wp-content\\\/uploads\\\/2025\\\/03\\\/logo_retina.png\",\"width\":222,\"height\":105,\"caption\":\"Landhotel Salmen\"},\"image\":{\"@id\":\"https:\\\/\\\/hotelsalmen.de\\\/#\\\/schema\\\/logo\\\/image\\\/\"}}]}<\/script>\n<!-- \/ Yoast SEO plugin. -->","yoast_head_json":{"title":"Freizeitaktivit\u00e4ten - Landhotel Salmen","robots":{"index":"index","follow":"follow","max-snippet":"max-snippet:-1","max-image-preview":"max-image-preview:large","max-video-preview":"max-video-preview:-1"},"canonical":"https:\/\/hotelsalmen.de\/fr\/freizeitaktivitaeten\/","og_locale":"fr_FR","og_type":"article","og_title":"Freizeitaktivit\u00e4ten - Landhotel Salmen","og_description":"Mitten im Schwarzwald. Nah am Erlebnis. Naturgenuss, Bewegung und Entspannung \u2013 alles direkt vor der T\u00fcr. Ob Wandern durch sonnige Weinberge, Radfahren entlang malerischer T\u00e4ler oder ein spontaner Ausflug in charmante Fachwerkst\u00e4dtchen \u2013 das Landhotel Salmen in Ringelbach ist der ideale Ausgangspunkt f\u00fcr unvergessliche Erlebnisse. Dank seiner traumhaften Lage zwischen Reben, Wald und Bergen erreichen [&hellip;]","og_url":"https:\/\/hotelsalmen.de\/fr\/freizeitaktivitaeten\/","og_site_name":"Landhotel Salmen","article_modified_time":"2025-07-01T15:03:21+00:00","og_image":[{"width":600,"height":353,"url":"https:\/\/hotelsalmen.de\/wp-content\/uploads\/2025\/06\/elsass_shutterstock_2315351481_xbrchx.jpg","type":"image\/jpeg"}],"twitter_card":"summary_large_image","twitter_misc":{"Dur\u00e9e de lecture estim\u00e9e":"3 minutes"},"schema":{"@context":"https:\/\/schema.org","@graph":[{"@type":"WebPage","@id":"https:\/\/hotelsalmen.de\/freizeitaktivitaeten\/","url":"https:\/\/hotelsalmen.de\/freizeitaktivitaeten\/","name":"Freizeitaktivit\u00e4ten - Landhotel Salmen","isPartOf":{"@id":"https:\/\/hotelsalmen.de\/#website"},"primaryImageOfPage":{"@id":"https:\/\/hotelsalmen.de\/freizeitaktivitaeten\/#primaryimage"},"image":{"@id":"https:\/\/hotelsalmen.de\/freizeitaktivitaeten\/#primaryimage"},"thumbnailUrl":"https:\/\/hotelsalmen.de\/wp-content\/uploads\/2025\/06\/elsass_shutterstock_2315351481_xbrchx.jpg","datePublished":"2025-06-09T07:35:43+00:00","dateModified":"2025-07-01T15:03:21+00:00","breadcrumb":{"@id":"https:\/\/hotelsalmen.de\/freizeitaktivitaeten\/#breadcrumb"},"inLanguage":"fr-FR","potentialAction":[{"@type":"ReadAction","target":["https:\/\/hotelsalmen.de\/freizeitaktivitaeten\/"]}]},{"@type":"ImageObject","inLanguage":"fr-FR","@id":"https:\/\/hotelsalmen.de\/freizeitaktivitaeten\/#primaryimage","url":"https:\/\/hotelsalmen.de\/wp-content\/uploads\/2025\/06\/elsass_shutterstock_2315351481_xbrchx.jpg","contentUrl":"https:\/\/hotelsalmen.de\/wp-content\/uploads\/2025\/06\/elsass_shutterstock_2315351481_xbrchx.jpg"},{"@type":"BreadcrumbList","@id":"https:\/\/hotelsalmen.de\/freizeitaktivitaeten\/#breadcrumb","itemListElement":[{"@type":"ListItem","position":1,"name":"Startseite","item":"https:\/\/hotelsalmen.de\/"},{"@type":"ListItem","position":2,"name":"Freizeitaktivit\u00e4ten"}]},{"@type":"WebSite","@id":"https:\/\/hotelsalmen.de\/#website","url":"https:\/\/hotelsalmen.de\/","name":"Landhotel Salmen - Ihr Hotel an der badischen Weinstra\u00dfe","description":"","publisher":{"@id":"https:\/\/hotelsalmen.de\/#organization"},"potentialAction":[{"@type":"SearchAction","target":{"@type":"EntryPoint","urlTemplate":"https:\/\/hotelsalmen.de\/?s={search_term_string}"},"query-input":{"@type":"PropertyValueSpecification","valueRequired":true,"valueName":"search_term_string"}}],"inLanguage":"fr-FR"},{"@type":"Organization","@id":"https:\/\/hotelsalmen.de\/#organization","name":"H\u00f4tel de campagne Salmen","url":"https:\/\/hotelsalmen.de\/","logo":{"@type":"ImageObject","inLanguage":"fr-FR","@id":"https:\/\/hotelsalmen.de\/#\/schema\/logo\/image\/","url":"https:\/\/hotelsalmen.de\/wp-content\/uploads\/2025\/03\/logo_retina.png","contentUrl":"https:\/\/hotelsalmen.de\/wp-content\/uploads\/2025\/03\/logo_retina.png","width":222,"height":105,"caption":"Landhotel Salmen"},"image":{"@id":"https:\/\/hotelsalmen.de\/#\/schema\/logo\/image\/"}}]}},"_links":{"self":[{"href":"https:\/\/hotelsalmen.de\/fr\/wp-json\/wp\/v2\/pages\/282","targetHints":{"allow":["GET"]}}],"collection":[{"href":"https:\/\/hotelsalmen.de\/fr\/wp-json\/wp\/v2\/pages"}],"about":[{"href":"https:\/\/hotelsalmen.de\/fr\/wp-json\/wp\/v2\/types\/page"}],"author":[{"embeddable":true,"href":"https:\/\/hotelsalmen.de\/fr\/wp-json\/wp\/v2\/users\/1"}],"replies":[{"embeddable":true,"href":"https:\/\/hotelsalmen.de\/fr\/wp-json\/wp\/v2\/comments?post=282"}],"version-history":[{"count":28,"href":"https:\/\/hotelsalmen.de\/fr\/wp-json\/wp\/v2\/pages\/282\/revisions"}],"predecessor-version":[{"id":717,"href":"https:\/\/hotelsalmen.de\/fr\/wp-json\/wp\/v2\/pages\/282\/revisions\/717"}],"wp:attachment":[{"href":"https:\/\/hotelsalmen.de\/fr\/wp-json\/wp\/v2\/media?parent=282"}],"curies":[{"name":"wp","href":"https:\/\/api.w.org\/{rel}","templated":true}]}}